{"id":742,"date":"2025-04-01T13:01:17","date_gmt":"2025-04-01T13:01:17","guid":{"rendered":"https:\/\/momentumfacilitation.org\/?page_id=742"},"modified":"2025-09-10T12:35:17","modified_gmt":"2025-09-10T12:35:17","slug":"clairdeterre","status":"publish","type":"page","link":"https:\/\/momentumfacilitation.org\/fr\/clairdeterre\/","title":{"rendered":"Clair de Terre"},"content":{"rendered":"<div class=\"wp-block-columns alignfull is-layout-flex wp-container-core-columns-is-layout-28f84493 wp-block-columns-is-layout-flex\">\n<div class=\"wp-block-column is-layout-flow wp-block-column-is-layout-flow\">\n<div style=\"height:21px\" aria-hidden=\"true\" class=\"wp-block-spacer\"><\/div>\n\n\n\n<h1 class=\"wp-block-heading alignwide has-text-align-center\" style=\"border-style:none;border-width:0px\"><strong>Passerelles<\/strong><\/h1>\n\n\n\n<h4 class=\"wp-block-heading has-text-align-center\">Vers plus d&#8217;alignement pro-perso<\/h4>\n\n\n\n<div class=\"wp-block-group is-vertical is-layout-flex wp-container-core-group-is-layout-1962b265 wp-block-group-is-layout-flex\" style=\"padding-right:var(--wp--preset--spacing--40);padding-left:var(--wp--preset--spacing--40)\">\n<p class=\"has-text-align-center\">Dans un contexte marqu\u00e9 par des tensions, d\u00e9fis,  ruptures \u00e9cologiques, sociaux et organisationnels, de nombreux professionnel\u00b7les ressentent un d\u00e9calage entre leurs valeurs et leurs actions quotidiennement. Nous offrons des espaces collectifs, et parfois individuel, pour : <strong>revenir \u00e0 l&#8217;essentiel<\/strong>, en r\u00e9alignant sens personnel avec impact systemique et pour <strong>d\u00e9velopper un leadership conscient<\/strong> et r\u00e9silient, ancr\u00e9 dans un avenir soutenable, \u00e9quitable et ouvert \u00e0 la joie.<\/p>\n\n\n\n<div style=\"height:0px\" aria-hidden=\"true\" class=\"wp-block-spacer wp-container-content-a94db315\"><\/div>\n\n\n\n<h2 class=\"wp-block-heading has-large-font-size\">Demandes sur mesure  <\/h2>\n\n\n\n<div class=\"wp-block-group is-vertical is-layout-flex wp-container-core-group-is-layout-fe9cc265 wp-block-group-is-layout-flex\">\n<hr class=\"wp-block-separator has-alpha-channel-opacity\"\/>\n\n\n\n<p><strong>Ateliers, Journ\u00e9es et Programmes (immersifs) sur mesure<\/strong><\/p>\n\n\n\n<p>Prenez un appel d\u00e9couverte avec nous, et nous vous proposons un format en fonction de vos besoins.<\/p>\n\n\n\n<div class=\"wp-block-buttons is-layout-flex wp-block-buttons-is-layout-flex\">\n<div class=\"wp-block-button\"><a class=\"wp-block-button__link wp-element-button\" href=\"https:\/\/forms.gle\/BZujXiZbiouvTgVh7\" target=\"_blank\" rel=\"noreferrer noopener\">Nous contacter<\/a><\/div>\n<\/div>\n\n\n\n<div style=\"height:24px\" aria-hidden=\"true\" class=\"wp-block-spacer wp-container-content-541a6b20\"><\/div>\n<\/div>\n\n\n\n<h2 class=\"wp-block-heading has-large-font-size\">Cycle Ouvert <\/h2>\n\n\n\n<hr class=\"wp-block-separator has-alpha-channel-opacity\"\/>\n<\/div>\n<\/div>\n<\/div>\n\n\n\n<div style=\"height:63px\" aria-hidden=\"true\" class=\"wp-block-spacer\"><\/div>\n\n\n\n<div class=\"wp-block-group alignwide is-vertical is-layout-flex wp-container-core-group-is-layout-fe9cc265 wp-block-group-is-layout-flex\">\n<div class=\"wp-block-group is-vertical is-layout-flex wp-container-core-group-is-layout-fe9cc265 wp-block-group-is-layout-flex\">\n<figure class=\"wp-block-image size-full\"><img loading=\"lazy\" decoding=\"async\" width=\"904\" height=\"344\" src=\"https:\/\/momentumfacilitation.org\/wp-content\/uploads\/2025\/09\/2509-TQRpro-Billetweb-Banner7.jpeg\" alt=\"\" class=\"wp-image-934\" srcset=\"https:\/\/momentumfacilitation.org\/wp-content\/uploads\/2025\/09\/2509-TQRpro-Billetweb-Banner7.jpeg 904w, https:\/\/momentumfacilitation.org\/wp-content\/uploads\/2025\/09\/2509-TQRpro-Billetweb-Banner7-300x114.jpeg 300w, https:\/\/momentumfacilitation.org\/wp-content\/uploads\/2025\/09\/2509-TQRpro-Billetweb-Banner7-768x292.jpeg 768w, https:\/\/momentumfacilitation.org\/wp-content\/uploads\/2025\/09\/2509-TQRpro-Billetweb-Banner7-18x7.jpeg 18w\" sizes=\"auto, (max-width: 904px) 100vw, 904px\" \/><\/figure>\n\n\n\n<div style=\"height:19px\" aria-hidden=\"true\" class=\"wp-block-spacer wp-container-content-370e7c34\"><\/div>\n<\/div>\n\n\n\n<div class=\"wp-block-group is-vertical is-layout-flex wp-container-core-group-is-layout-fe9cc265 wp-block-group-is-layout-flex\">\n<p class=\"has-text-color has-link-color has-heading-font-family has-large-font-size wp-elements-d40792f89a2d2747d08806ad0ae78051\" style=\"color:#8f9f86;line-height:0.7\">WEBINAIRE \u2022 DECOUVRIR<\/p>\n\n\n\n<p><strong>Pourquoi participer ?<\/strong> Une porte d\u2019entr\u00e9e pour d\u00e9couvrir notre approche, faire connaissance et installer confiance et authenticit\u00e9. Exploration des chemins \u00e0 emprunter pour aller vers plus d\u2019alignement et d\u2019impact dans nos vies professionnelles et personnelles.<\/p>\n\n\n\n<p><strong>Prochaines dates :<\/strong> 2026<\/p>\n\n\n\n<p><strong>Info pratiques :<\/strong> \ud83d\udccd En ligne \/ 1h-1h30 \/ \ud83d\udcb3 Gratuit<\/p>\n\n\n\n<div class=\"wp-block-buttons is-layout-flex wp-block-buttons-is-layout-flex\">\n<div class=\"wp-block-button\"><a class=\"wp-block-button__link wp-element-button\">\u00c7a m&#8217;int\u00e9resse<\/a><\/div>\n<\/div>\n\n\n\n<div style=\"height:19px\" aria-hidden=\"true\" class=\"wp-block-spacer wp-container-content-370e7c34\"><\/div>\n<\/div>\n\n\n\n<div class=\"wp-block-group is-vertical is-layout-flex wp-container-core-group-is-layout-fe9cc265 wp-block-group-is-layout-flex\">\n<hr class=\"wp-block-separator has-alpha-channel-opacity\"\/>\n\n\n\n<p class=\"has-text-color has-link-color has-heading-font-family has-large-font-size wp-elements-8dcec824b10d9170ea925ef1259fb7b1\" style=\"color:#8f9f86;line-height:0.7\">ATELIER Court \u2022 EXPLORER<\/p>\n\n\n\n<p><strong>Pourquoi participer ?<\/strong> Venez aligner votre vie pro-perso et explorer ensemble comment faire face et r\u00e9pondre aux enjeux soci\u00e9taux.\u00a0Ces ateliers d\u2019exploration d\u2019une demi-journ\u00e9e, permettent d\u2019explorer un th\u00e8me-cl\u00e9. Ils proposent un espace de prise de recul, d\u2019expression libre et de transformation.\u00a0<\/p>\n\n\n\n<p><strong>Th\u00e8me &#8211; Le Temps<\/strong><br>Retrouver une qualit\u00e9 de pr\u00e9sence, revenir \u00e0 nos sens, \u00e9largir nos perceptions, sortir du pilotage automatique et de l\u2019agitation mentale en apaisant notre syst\u00e8me nerveux. <br>Et si vous vous donniez la permission de ralentir pour retrouver de l\u2019\u00e9lan? De retrouver un lien paisible avec votre agenda, votre attention, votre \u00e9nergie?\u00a0<\/p>\n\n\n\n<p><strong>Th\u00e8me &#8211; Le Pouvoir<\/strong><br>Porter un nouveau regard sur le pouvoir : non plus comme une lutte ou une emprise, mais comme un \u00e9lan juste et puissant, en lien avec soi, les autres, le monde.\u00a0\u00a0<br>Et si le pouvoir pouvait rimer avec solidarit\u00e9, justesse, coop\u00e9ration, contribution?<\/p>\n\n\n\n<p><strong>Prochaines dates :<\/strong> 2026<\/p>\n\n\n\n<p><strong>Info pratiques :<\/strong> \ud83d\udccdCommons Hub Brussels \/ \u23f0 13h30-17h \/ \ud83d\udcb3 Prix conscient<\/p>\n\n\n\n<div class=\"wp-block-buttons is-layout-flex wp-block-buttons-is-layout-flex\">\n<div class=\"wp-block-button\"><a class=\"wp-block-button__link wp-element-button\">\u00c7a m&#8217;int\u00e9resse<\/a><\/div>\n<\/div>\n\n\n\n<div style=\"height:24px\" aria-hidden=\"true\" class=\"wp-block-spacer wp-container-content-541a6b20\"><\/div>\n<\/div>\n\n\n\n<div class=\"wp-block-group is-vertical is-layout-flex wp-container-core-group-is-layout-fe9cc265 wp-block-group-is-layout-flex\">\n<hr class=\"wp-block-separator has-alpha-channel-opacity\"\/>\n\n\n\n<p class=\"has-text-color has-link-color has-heading-font-family has-large-font-size wp-elements-74ff235c497af0b450f609ea73796dd6\" style=\"color:#8f9f86;line-height:0.7\">ATELIER Journ\u00e9e \u2022 APPROFONDIR pour s&#8217;ancrer<\/p>\n\n\n\n<p><strong>Pourquoi participer ?<\/strong> Ce 3\u00e8me atelier du cycle permettra de plonger plus profond\u00e9ment pour cultiver une boussole int\u00e9rieure fiable, dans un monde complexe et incertain. Trouver ses appuis, poser des fondations, nourrir la confiance pour avancer avec plus de sens. <\/p>\n\n\n\n<p><strong>Prochaines dates :<\/strong> 2026<\/p>\n\n\n\n<p><strong>Info pratiques :<\/strong> \ud83d\udccdClerlande, Ottignies \/ \u23f0 9h30-16h30 \/ \ud83d\udcb3 Prix conscient<\/p>\n\n\n\n<div class=\"wp-block-buttons is-layout-flex wp-block-buttons-is-layout-flex\">\n<div class=\"wp-block-button\"><a class=\"wp-block-button__link wp-element-button\">\u00c7a m&#8217;int\u00e9resse<\/a><\/div>\n<\/div>\n\n\n\n<div style=\"height:24px\" aria-hidden=\"true\" class=\"wp-block-spacer wp-container-content-541a6b20\"><\/div>\n<\/div>\n<\/div>\n\n\n\n<div class=\"wp-block-columns alignfull has-base-2-background-color has-background is-layout-flex wp-container-core-columns-is-layout-28f84493 wp-block-columns-is-layout-flex\">\n<div class=\"wp-block-column is-vertically-aligned-center is-layout-flow wp-block-column-is-layout-flow\">\n<figure class=\"wp-block-image alignright size-full is-resized is-style-default\"><img loading=\"lazy\" decoding=\"async\" width=\"384\" height=\"386\" src=\"https:\/\/momentumfacilitation.org\/wp-content\/uploads\/2025\/04\/Picture-1.jpg\" alt=\"\" class=\"wp-image-846\" style=\"aspect-ratio:1;object-fit:cover;width:300px\" srcset=\"https:\/\/momentumfacilitation.org\/wp-content\/uploads\/2025\/04\/Picture-1.jpg 384w, https:\/\/momentumfacilitation.org\/wp-content\/uploads\/2025\/04\/Picture-1-298x300.jpg 298w, https:\/\/momentumfacilitation.org\/wp-content\/uploads\/2025\/04\/Picture-1-150x150.jpg 150w, https:\/\/momentumfacilitation.org\/wp-content\/uploads\/2025\/04\/Picture-1-12x12.jpg 12w\" sizes=\"auto, (max-width: 384px) 100vw, 384px\" \/><\/figure>\n<\/div>\n\n\n\n<div class=\"wp-block-column is-vertically-aligned-center is-layout-flow wp-container-core-column-is-layout-0e13249e wp-block-column-is-layout-flow\" style=\"padding-right:var(--wp--preset--spacing--60);padding-left:var(--wp--preset--spacing--10)\">\n<div class=\"wp-block-group is-vertical is-layout-flex wp-container-core-group-is-layout-fe9cc265 wp-block-group-is-layout-flex\">\n<p style=\"line-height:1.6\"><\/p>\n\n\n\n<p class=\"has-medium-font-size\" style=\"border-style:none;border-width:0px;font-style:normal;font-weight:100\">Co-cr\u00e9ations de <a href=\"https:\/\/www.linkedin.com\/in\/virginielambertfacilitation\/\" target=\"_blank\" rel=\"noreferrer noopener\">Virginie Lambert<\/a> et <a href=\"https:\/\/www.linkedin.com\/in\/judithsaragossi\/\" target=\"_blank\" rel=\"noreferrer noopener\">Judith Saragossi<\/a><\/p>\n\n\n\n<p class=\"has-small-font-size\">Deux facilitatrices avec des bagages riches et compl\u00e9mentaires, engag\u00e9es depuis de nombreuses ann\u00e9es dans la transition \u00e9cologique et solidaire et dans la \u201ctransition int\u00e9rieure\u201d. A l\u2019\u00e9coute des besoins du monde du travail nous vous proposons des exp\u00e9riences et parcours sur mesure qui associent le Travail Qui Relie et la Th\u00e9orie U ainsi que d\u2019autres pratiques inspir\u00e9es. Ces processus ont pour intention de soutenir les changements profonds dans les fa\u00e7ons d\u2019\u00eatre en relation \u00e0 soi, aux autres et au monde vivant pour permettre de mieux relever collectivement les d\u00e9fis des limites plan\u00e9taires et des planchers sociaux.<\/p>\n<\/div>\n<\/div>\n<\/div>\n\n\n\n<div class=\"wp-block-columns alignfull has-base-2-background-color has-background is-layout-flex wp-container-core-columns-is-layout-28f84493 wp-block-columns-is-layout-flex\">\n<div class=\"wp-block-column has-base-2-background-color has-background is-layout-flow wp-block-column-is-layout-flow\">\n<div class=\"wp-block-group has-base-2-background-color has-background has-global-padding is-layout-constrained wp-block-group-is-layout-constrained\">\n<hr class=\"wp-block-separator has-alpha-channel-opacity\"\/>\n\n\n\n<p class=\"has-text-align-center\" style=\"line-height:0.6\">Si vous avez des questions n&#8217;h\u00e9sitez pas \u00e0 nous joindre: <\/p>\n\n\n\n<p class=\"has-text-align-center\" style=\"font-style:normal;font-weight:100;line-height:0.5\">Judith 0474\/79.45.50 ou judith@momentumfacilitation.org<\/p>\n\n\n\n<p class=\"has-text-align-center\" style=\"font-style:normal;font-weight:100;line-height:0.5\">Virginie 0498\/54.20.83 ou virginie@clairdeterre.org<\/p>\n\n\n\n<p class=\"has-text-align-center\">Pour \u00eatre tenu.e au courant de nos activit\u00e9s : <a href=\"https:\/\/forms.gle\/wWwnyme3i9xeyAsi6\" target=\"_blank\" rel=\"noreferrer noopener\">c&#8217;est par ici<\/a>.<\/p>\n<\/div>\n<\/div>\n<\/div>","protected":false},"excerpt":{"rendered":"<p>Passerelles Vers plus d&#8217;alignement pro-perso Dans un contexte marqu\u00e9 par des tensions, d\u00e9fis, ruptures \u00e9cologiques, sociaux et organisationnels, de nombreux professionnel\u00b7les ressentent un d\u00e9calage entre leurs valeurs et leurs actions quotidiennement. Nous offrons des espaces collectifs, et parfois individuel, pour : revenir \u00e0 l&#8217;essentiel, en r\u00e9alignant sens personnel avec impact systemique et pour d\u00e9velopper un [&hellip;]<\/p>","protected":false},"author":1,"featured_media":0,"parent":0,"menu_order":0,"comment_status":"closed","ping_status":"closed","template":"wp-custom-template-pages-no-translation","meta":{"footnotes":""},"class_list":["post-742","page","type-page","status-publish","hentry"],"yoast_head":"<!-- This site is optimized with the Yoast SEO plugin v24.8 - https:\/\/yoast.com\/wordpress\/plugins\/seo\/ -->\n<title>Clair de Terre - Momentum Facilitation<\/title>\n<meta name=\"robots\" content=\"index, follow, max-snippet:-1, max-image-preview:large, max-video-preview:-1\" \/>\n<link rel=\"canonical\" href=\"https:\/\/momentumfacilitation.org\/fr\/clairdeterre\/\" \/>\n<meta property=\"og:locale\" content=\"fr_FR\" \/>\n<meta property=\"og:type\" content=\"article\" \/>\n<meta property=\"og:title\" content=\"Clair de Terre - Momentum Facilitation\" \/>\n<meta property=\"og:description\" content=\"Passerelles Vers plus d&#8217;alignement pro-perso Dans un contexte marqu\u00e9 par des tensions, d\u00e9fis, ruptures \u00e9cologiques, sociaux et organisationnels, de nombreux professionnel\u00b7les ressentent un d\u00e9calage entre leurs valeurs et leurs actions quotidiennement. Nous offrons des espaces collectifs, et parfois individuel, pour : revenir \u00e0 l&#8217;essentiel, en r\u00e9alignant sens personnel avec impact systemique et pour d\u00e9velopper un [&hellip;]\" \/>\n<meta property=\"og:url\" content=\"https:\/\/momentumfacilitation.org\/fr\/clairdeterre\/\" \/>\n<meta property=\"og:site_name\" content=\"Momentum Facilitation\" \/>\n<meta property=\"article:modified_time\" content=\"2025-09-10T12:35:17+00:00\" \/>\n<meta property=\"og:image\" content=\"https:\/\/momentumfacilitation.org\/wp-content\/uploads\/2025\/09\/2509-TQRpro-Billetweb-Banner7.jpeg\" \/>\n\t<meta property=\"og:image:width\" content=\"904\" \/>\n\t<meta property=\"og:image:height\" content=\"344\" \/>\n\t<meta property=\"og:image:type\" content=\"image\/jpeg\" \/>\n<meta name=\"twitter:card\" content=\"summary_large_image\" \/>\n<meta name=\"twitter:label1\" content=\"Dur\u00e9e de lecture est.\" \/>\n\t<meta name=\"twitter:data1\" content=\"3 minutes\" \/>\n<script type=\"application\/ld+json\" class=\"yoast-schema-graph\">{\"@context\":\"https:\/\/schema.org\",\"@graph\":[{\"@type\":\"WebPage\",\"@id\":\"https:\/\/momentumfacilitation.org\/clairdeterre\/\",\"url\":\"https:\/\/momentumfacilitation.org\/clairdeterre\/\",\"name\":\"Clair de Terre - Momentum Facilitation\",\"isPartOf\":{\"@id\":\"https:\/\/momentumfacilitation-f6bca0.ingress-comporellon.ewp.live\/#website\"},\"primaryImageOfPage\":{\"@id\":\"https:\/\/momentumfacilitation.org\/clairdeterre\/#primaryimage\"},\"image\":{\"@id\":\"https:\/\/momentumfacilitation.org\/clairdeterre\/#primaryimage\"},\"thumbnailUrl\":\"https:\/\/momentumfacilitation.org\/wp-content\/uploads\/2025\/09\/2509-TQRpro-Billetweb-Banner7.jpeg\",\"datePublished\":\"2025-04-01T13:01:17+00:00\",\"dateModified\":\"2025-09-10T12:35:17+00:00\",\"breadcrumb\":{\"@id\":\"https:\/\/momentumfacilitation.org\/clairdeterre\/#breadcrumb\"},\"inLanguage\":\"fr-BE\",\"potentialAction\":[{\"@type\":\"ReadAction\",\"target\":[\"https:\/\/momentumfacilitation.org\/clairdeterre\/\"]}]},{\"@type\":\"ImageObject\",\"inLanguage\":\"fr-BE\",\"@id\":\"https:\/\/momentumfacilitation.org\/clairdeterre\/#primaryimage\",\"url\":\"https:\/\/momentumfacilitation.org\/wp-content\/uploads\/2025\/09\/2509-TQRpro-Billetweb-Banner7.jpeg\",\"contentUrl\":\"https:\/\/momentumfacilitation.org\/wp-content\/uploads\/2025\/09\/2509-TQRpro-Billetweb-Banner7.jpeg\"},{\"@type\":\"BreadcrumbList\",\"@id\":\"https:\/\/momentumfacilitation.org\/clairdeterre\/#breadcrumb\",\"itemListElement\":[{\"@type\":\"ListItem\",\"position\":1,\"name\":\"Home\",\"item\":\"https:\/\/momentumfacilitation.org\/\"},{\"@type\":\"ListItem\",\"position\":2,\"name\":\"Clair de Terre\"}]},{\"@type\":\"WebSite\",\"@id\":\"https:\/\/momentumfacilitation-f6bca0.ingress-comporellon.ewp.live\/#website\",\"url\":\"https:\/\/momentumfacilitation-f6bca0.ingress-comporellon.ewp.live\/\",\"name\":\"Momentum Facilitation\",\"description\":\"\",\"publisher\":{\"@id\":\"https:\/\/momentumfacilitation-f6bca0.ingress-comporellon.ewp.live\/#organization\"},\"potentialAction\":[{\"@type\":\"SearchAction\",\"target\":{\"@type\":\"EntryPoint\",\"urlTemplate\":\"https:\/\/momentumfacilitation-f6bca0.ingress-comporellon.ewp.live\/?s={search_term_string}\"},\"query-input\":{\"@type\":\"PropertyValueSpecification\",\"valueRequired\":true,\"valueName\":\"search_term_string\"}}],\"inLanguage\":\"fr-BE\"},{\"@type\":\"Organization\",\"@id\":\"https:\/\/momentumfacilitation-f6bca0.ingress-comporellon.ewp.live\/#organization\",\"name\":\"Momentum Facilitation\",\"url\":\"https:\/\/momentumfacilitation-f6bca0.ingress-comporellon.ewp.live\/\",\"logo\":{\"@type\":\"ImageObject\",\"inLanguage\":\"fr-BE\",\"@id\":\"https:\/\/momentumfacilitation-f6bca0.ingress-comporellon.ewp.live\/#\/schema\/logo\/image\/\",\"url\":\"https:\/\/momentumfacilitation.org\/wp-content\/uploads\/2024\/08\/20250429-Logo-Round.png\",\"contentUrl\":\"https:\/\/momentumfacilitation.org\/wp-content\/uploads\/2024\/08\/20250429-Logo-Round.png\",\"width\":416,\"height\":416,\"caption\":\"Momentum Facilitation\"},\"image\":{\"@id\":\"https:\/\/momentumfacilitation-f6bca0.ingress-comporellon.ewp.live\/#\/schema\/logo\/image\/\"}}]}<\/script>\n<!-- \/ Yoast SEO plugin. -->","yoast_head_json":{"title":"Clair de Terre - Momentum Facilitation","robots":{"index":"index","follow":"follow","max-snippet":"max-snippet:-1","max-image-preview":"max-image-preview:large","max-video-preview":"max-video-preview:-1"},"canonical":"https:\/\/momentumfacilitation.org\/fr\/clairdeterre\/","og_locale":"fr_FR","og_type":"article","og_title":"Clair de Terre - Momentum Facilitation","og_description":"Passerelles Vers plus d&#8217;alignement pro-perso Dans un contexte marqu\u00e9 par des tensions, d\u00e9fis, ruptures \u00e9cologiques, sociaux et organisationnels, de nombreux professionnel\u00b7les ressentent un d\u00e9calage entre leurs valeurs et leurs actions quotidiennement. Nous offrons des espaces collectifs, et parfois individuel, pour : revenir \u00e0 l&#8217;essentiel, en r\u00e9alignant sens personnel avec impact systemique et pour d\u00e9velopper un [&hellip;]","og_url":"https:\/\/momentumfacilitation.org\/fr\/clairdeterre\/","og_site_name":"Momentum Facilitation","article_modified_time":"2025-09-10T12:35:17+00:00","og_image":[{"width":904,"height":344,"url":"https:\/\/momentumfacilitation.org\/wp-content\/uploads\/2025\/09\/2509-TQRpro-Billetweb-Banner7.jpeg","type":"image\/jpeg"}],"twitter_card":"summary_large_image","twitter_misc":{"Dur\u00e9e de lecture est.":"3 minutes"},"schema":{"@context":"https:\/\/schema.org","@graph":[{"@type":"WebPage","@id":"https:\/\/momentumfacilitation.org\/clairdeterre\/","url":"https:\/\/momentumfacilitation.org\/clairdeterre\/","name":"Clair de Terre - Momentum Facilitation","isPartOf":{"@id":"https:\/\/momentumfacilitation-f6bca0.ingress-comporellon.ewp.live\/#website"},"primaryImageOfPage":{"@id":"https:\/\/momentumfacilitation.org\/clairdeterre\/#primaryimage"},"image":{"@id":"https:\/\/momentumfacilitation.org\/clairdeterre\/#primaryimage"},"thumbnailUrl":"https:\/\/momentumfacilitation.org\/wp-content\/uploads\/2025\/09\/2509-TQRpro-Billetweb-Banner7.jpeg","datePublished":"2025-04-01T13:01:17+00:00","dateModified":"2025-09-10T12:35:17+00:00","breadcrumb":{"@id":"https:\/\/momentumfacilitation.org\/clairdeterre\/#breadcrumb"},"inLanguage":"fr-BE","potentialAction":[{"@type":"ReadAction","target":["https:\/\/momentumfacilitation.org\/clairdeterre\/"]}]},{"@type":"ImageObject","inLanguage":"fr-BE","@id":"https:\/\/momentumfacilitation.org\/clairdeterre\/#primaryimage","url":"https:\/\/momentumfacilitation.org\/wp-content\/uploads\/2025\/09\/2509-TQRpro-Billetweb-Banner7.jpeg","contentUrl":"https:\/\/momentumfacilitation.org\/wp-content\/uploads\/2025\/09\/2509-TQRpro-Billetweb-Banner7.jpeg"},{"@type":"BreadcrumbList","@id":"https:\/\/momentumfacilitation.org\/clairdeterre\/#breadcrumb","itemListElement":[{"@type":"ListItem","position":1,"name":"Home","item":"https:\/\/momentumfacilitation.org\/"},{"@type":"ListItem","position":2,"name":"Clair de Terre"}]},{"@type":"WebSite","@id":"https:\/\/momentumfacilitation-f6bca0.ingress-comporellon.ewp.live\/#website","url":"https:\/\/momentumfacilitation-f6bca0.ingress-comporellon.ewp.live\/","name":"Momentum Facilitation","description":"","publisher":{"@id":"https:\/\/momentumfacilitation-f6bca0.ingress-comporellon.ewp.live\/#organization"},"potentialAction":[{"@type":"SearchAction","target":{"@type":"EntryPoint","urlTemplate":"https:\/\/momentumfacilitation-f6bca0.ingress-comporellon.ewp.live\/?s={search_term_string}"},"query-input":{"@type":"PropertyValueSpecification","valueRequired":true,"valueName":"search_term_string"}}],"inLanguage":"fr-BE"},{"@type":"Organization","@id":"https:\/\/momentumfacilitation-f6bca0.ingress-comporellon.ewp.live\/#organization","name":"Momentum Facilitation","url":"https:\/\/momentumfacilitation-f6bca0.ingress-comporellon.ewp.live\/","logo":{"@type":"ImageObject","inLanguage":"fr-BE","@id":"https:\/\/momentumfacilitation-f6bca0.ingress-comporellon.ewp.live\/#\/schema\/logo\/image\/","url":"https:\/\/momentumfacilitation.org\/wp-content\/uploads\/2024\/08\/20250429-Logo-Round.png","contentUrl":"https:\/\/momentumfacilitation.org\/wp-content\/uploads\/2024\/08\/20250429-Logo-Round.png","width":416,"height":416,"caption":"Momentum Facilitation"},"image":{"@id":"https:\/\/momentumfacilitation-f6bca0.ingress-comporellon.ewp.live\/#\/schema\/logo\/image\/"}}]}},"_links":{"self":[{"href":"https:\/\/momentumfacilitation.org\/fr\/wp-json\/wp\/v2\/pages\/742","targetHints":{"allow":["GET"]}}],"collection":[{"href":"https:\/\/momentumfacilitation.org\/fr\/wp-json\/wp\/v2\/pages"}],"about":[{"href":"https:\/\/momentumfacilitation.org\/fr\/wp-json\/wp\/v2\/types\/page"}],"author":[{"embeddable":true,"href":"https:\/\/momentumfacilitation.org\/fr\/wp-json\/wp\/v2\/users\/1"}],"replies":[{"embeddable":true,"href":"https:\/\/momentumfacilitation.org\/fr\/wp-json\/wp\/v2\/comments?post=742"}],"version-history":[{"count":5,"href":"https:\/\/momentumfacilitation.org\/fr\/wp-json\/wp\/v2\/pages\/742\/revisions"}],"predecessor-version":[{"id":938,"href":"https:\/\/momentumfacilitation.org\/fr\/wp-json\/wp\/v2\/pages\/742\/revisions\/938"}],"wp:attachment":[{"href":"https:\/\/momentumfacilitation.org\/fr\/wp-json\/wp\/v2\/media?parent=742"}],"curies":[{"name":"wp","href":"https:\/\/api.w.org\/{rel}","templated":true}]}}